{"id":4367,"date":"2015-08-25T14:48:47","date_gmt":"2015-08-25T11:48:47","guid":{"rendered":"https:\/\/www.hebo.fi\/fi\/?page_id=4367"},"modified":"2020-05-04T21:51:42","modified_gmt":"2020-05-04T18:51:42","slug":"konserttiarkisto","status":"publish","type":"page","link":"https:\/\/www.hebo.fi\/fi\/konserttiarkisto\/","title":{"rendered":"Konsertit 2011\u20132014"},"content":{"rendered":"<h2>Konsertit 2011<\/h2>\n<p>Ti 8.2. klo 19 Saksalainen kirkko, Helsinki<\/p>\n<p><span style=\"font-weight: bold;\">Bach<\/span><\/p>\n<p><a href=\"http:\/\/www.banffcentre.ca\/faculty\/faculty_member.aspx?facid=3755\">Erich H\u00f6barth<\/a>, viulu<\/p>\n<p><a href=\"http:\/\/www.siba.fi\/fi\/konsertit\/ohjelmisto\/?id=39272\">Soiva Akatemia<\/a><\/p>\n<hr style=\"width: 100%; height: 2px;\" \/>\n<p style=\"margin-bottom: 0cm;\">\u00a0<span lang=\"en-US\">Su <\/span><span lang=\"en-US\">13.3. klo 20:30 <a href=\"http:\/\/www.femas.es\/\">Festival de M\u00fasica Antigua de Sevilla<\/a>, Espanja<br \/>\n<\/span>Ma 14.3. klo 20 <a href=\"http:\/\/www.madrid.org\/artesacro\">Festival Arte Sacro<\/a>, Madrid, Espanja<\/p>\n<p lang=\"en-US\" style=\"margin-bottom: 0cm;\"><span style=\"font-weight: bold;\">Musica Baltica<\/span><\/p>\n<p>Teppo Lampela, kontratenori<br \/>\njohtaa Aapo H\u00e4kkinen<\/p>\n<hr style=\"width: 100%; height: 2px;\" \/>\n<p>Su 20.3. klo 15 Oulun tuomiokirkko<\/p>\n<p><span style=\"font-weight: bold;\">Bach: cembalokonsertot<\/span><\/p>\n<p>Aapo H\u00e4kkinen, cembalo<\/p>\n<p><a href=\"http:\/\/www.oulunmusiikkijuhlat.fi\/\">Oulun musiikkijuhlat<\/a><\/p>\n<hr \/>\n<p>Su 1.5. klo 12 Sibelius-Akatemian konserttisali, Helsinki<\/p>\n<p><span style=\"font-weight: bold;\">Vappukonsertti<\/span><\/p>\n<p>Bach, Rameau<b><br \/>\n<\/b><\/p>\n<p>johtaa <a href=\"http:\/\/www.concertsparisiens.fr\/rubrique\/detail_artiste\/pierre-hantai-clavecin-biography.html?idPg=139\">Pierre Hanta\u00ef<\/a>, cembalo<br \/>\njuontaa Raakel Lignell<\/p>\n<hr style=\"width: 100%; height: 2px;\" \/>\n<p>La 28.5. klo 21 Henry Crown Symphony Hall, Jerusalem, Israel<\/p>\n<p style=\"font-weight: bold;\">Bach<\/p>\n<p>Enrico Baiano &amp; Aapo H\u00e4kkinen, cembalo<\/p>\n<p><a href=\"http:\/\/israel-festival.org\/?lang=en\">Israel Festival<\/a><\/p>\n<div>\n<hr style=\"width: 100%; height: 2px;\" \/>\n<p>Su 3.7. klo 16 Keuruun kirkko<\/p>\n<p style=\"font-weight: bold;\">Bach, Vivaldi<\/p>\n<p>Aapo H\u00e4kkinen, cembalo<\/p>\n<hr style=\"width: 100%; height: 2px;\" \/>\n<p>Pe 5.8. klo 19 Castel Mareccio, Bolzano, Italia<\/p>\n<p style=\"font-weight: bold;\">Musica Baltica &amp; Mediterranea<\/p>\n<p>Kajsa Dahlb\u00e4ck, sopraano<br \/>\njohtaa Aapo H\u00e4kkinen<\/p>\n<p><a href=\"http:\/\/www.bolzanofestivalbozen.it\/\">Bolzano Festival<\/a><\/p>\n<div>\n<hr style=\"width: 100%; height: 2px;\" \/>\n<\/div>\n<p>Su 11.9. klo 18 Pyh\u00e4n Ristin kirkko, Rauma<\/p>\n<p style=\"font-weight: bold;\">Bach: cembalokonsertot<\/p>\n<p>Aapo H\u00e4kkinen, cembalo<\/p>\n<p>Rauman konserttisarjan avajaiskonsertti! Pyh\u00e4n Ristin kirkon loistava akustiikka helisee, kun Helsingin Barokkiorkesteri heitt\u00e4ytyy taiteellisen johtajansa luotsaamana Bachin cembalokonserttojen maailmaan.<\/p>\n<div>\n<hr style=\"width: 100%; height: 2px;\" \/>\n<\/div>\n<p>Ti 4.10. klo 19 Musiikkitalo, Camerata-sali<\/p>\n<p style=\"font-weight: bold;\">Kamarimusiikkikonsertti<\/p>\n<p>Aapo H\u00e4kkinen, cembalo<br \/>\nErich H\u00f6barth, viulu<\/p>\n<p>Bach: Sonaatit viululle ja cembalolle<\/p>\n<p>Bachin kamarimusiikin ylitt\u00e4m\u00e4t\u00f6n helmi on innoittanut viulu- ja cembalovirtuooseja Menuhinista ja Landowskasta Leonhardtiin ja Mullovaan. Erich H\u00f6barth ja Aapo H\u00e4kkinen tarttuvat klassikkoteoksiin tutkimusretkeilij\u00e4n innolla.<\/p>\n<hr style=\"width: 100%; height: 2px;\" \/>\n<p>Ti 1.11. klo 9:30 <a href=\"http:\/\/www.sellosali.fi\/\">Sellosali<\/a><\/p>\n<p><span style=\"font-weight: bold;\">Koululaiskonsertti<\/span><\/p>\n<p>Suositellaan 3.-6.-luokkalaisille, kesto n. 45 min<\/p>\n<p>Mozart oli se peruukkip\u00e4inen vinti\u00f6, joka h\u00e4ik\u00e4isi koko Euroopan jo lapsena uskomattomilla soitto- ja s\u00e4vellystaidoillaan. Mutta kuka oli Mozartin kanssa samana vuonna syntynyt Joseph Martin Kraus? Ja mit\u00e4 tapahtui, kun Ruotsin kuningas kuuli Krausin oopperan vuonna 1781? Se selvi\u00e4\u00e4 Helsingin Barokkiorkesterin koululaiskonsertissa!<\/p>\n<p>Mozart, Kraus<br \/>\njohtaa Erich H\u00f6barth, viulu<\/p>\n<hr style=\"width: 100%; height: 2px;\" \/>\n<p>To 3.11. klo 19 Musiikkitalo, konserttisali<span lang=\"en-US\">\u00a0<\/span><\/p>\n<p style=\"font-weight: bold;\">Haydn, Mozart, Kraus<\/p>\n<p>johtaa Erich H\u00f6barth, viulu<\/p>\n<p>Helsingin Barokkiorkesterin ensimm\u00e4isen konsertin Musiikkitalossa johtaa Mosa\u00efques-kvartetin ensiviulisti ja legendaarisen Concentus musicus Wien -orkesterin konserttimestari Erich H\u00f6barth. Wienil\u00e4isklassikoiden rinnalla kuullaan Tukholman hovissa el\u00e4m\u00e4nty\u00f6ns\u00e4 tehneen Joseph Martin Krausin (1756-1792) sinfonian Es-duuri Suomen ensiesitys.<\/p>\n<hr style=\"width: 100%; height: 2px;\" \/>\n<p><span lang=\"en-US\"><span lang=\"en-US\">Su 20.11. klo 18 Tapiolan kirkko<\/span><\/span><\/p>\n<p><span lang=\"en-US\"><span lang=\"en-US\"><span style=\"font-weight: bold;\">H\u00e4ndel: Messias<\/span><br \/>\n<\/span><\/span><\/p>\n<p><span lang=\"en-US\"><span lang=\"en-US\">Pia Bengts, Helena Yli-Jaskari ja Elina Rantam\u00e4ki, sopraano<br \/>\nPia Innala ja Nina Kronlund, altto<br \/>\nMartti Anttila ja Heikki Kulo, tenori<br \/>\nKullervo Latvanen ja Elja Puukko, basso<br \/>\njohtaa Heikki Sepp\u00e4nen<\/span><\/span><\/p>\n<p><span lang=\"en-US\"><span lang=\"en-US\"><span lang=\"en-US\"><a href=\"http:\/\/www.espoonkirkkomusiikkiviikko.fi\/\">Espoon kirkkomusiikkiviikko<\/a><\/span><\/span><\/span><\/p>\n<hr style=\"width: 100%; height: 2px;\" \/>\n<p><span lang=\"en-US\"><span lang=\"en-US\">Ti 29.11. klo 19 Musiikkitalo, Camerata-sali<\/span><\/span><\/p>\n<p style=\"font-weight: bold;\"><span lang=\"en-US\"><span lang=\"en-US\">Bach, Vivaldi<\/span><\/span><i><b><\/b><\/i><span lang=\"en-US\"><span lang=\"en-US\"><br \/>\njohtaa Riccardo Minasi, viulu<\/span><\/span><\/p>\n<p><span lang=\"en-US\"><span lang=\"en-US\">Vivaldin kestosuosikki <span style=\"font-style: italic;\">Vuodenajat<\/span> mukaansatempaavan raikkaa<\/span><\/span>sti!<\/p>\n<hr style=\"width: 100%; height: 2px;\" \/>\n<p><span lang=\"en-US\"><span lang=\"en-US\">Ke 30.11. <\/span><\/span><span lang=\"en-US\"><span lang=\"en-US\"><span lang=\"en-US\"><span lang=\"en-US\">klo 19 <\/span><\/span><\/span><\/span><span lang=\"en-US\"><span lang=\"en-US\"><a href=\"http:\/\/www.tampere-talo.fi\/\">Tampere-talo<\/a>, pieni sali<\/span><\/span><\/p>\n<p style=\"font-weight: bold;\"><span lang=\"en-US\"><span lang=\"en-US\">Bach, Vivaldi<\/span><\/span><\/p>\n<p><span lang=\"en-US\"><span lang=\"en-US\">johtaa Riccardo Minasi, viulu<\/span><\/span><span lang=\"en-US\">\u00a0<\/span><\/p>\n<hr style=\"width: 100%; height: 2px;\" \/>\n<p><span lang=\"en-US\"><span lang=\"en-US\">Ke 14.12. klo 19 Pyh\u00e4n Ristin kirkko, Rauma<\/span><\/span><\/p>\n<p><span lang=\"en-US\"><span lang=\"en-US\"><span style=\"font-weight: bold;\">Barokkijoulu: Musica Baltica &amp; Mediterranea<br \/>\n<\/span><\/span><\/span><\/p>\n<p><span lang=\"en-US\"><span lang=\"en-US\"><span lang=\"en-US\"><span lang=\"en-US\">Buxtehude &#8211; Kirchoff &#8211; Cazzati &#8211; Monteverdi<\/span><\/span><\/span><\/span><\/p>\n<p><span lang=\"en-US\"><span lang=\"en-US\"><span lang=\"en-US\"><span lang=\"en-US\">Mar\u00eda Cristina Kiehr, sopraano<br \/>\njohtaa Aapo H\u00e4kkinen, cembalo<\/span><\/span><\/span><\/span><\/p>\n<p><span lang=\"en-US\"><span lang=\"en-US\"><span lang=\"en-US\"><span lang=\"en-US\">Helsingin Barokkiorkesterin ja huippusopraano Maria Cr\u00edstina Kiehrin joulukonsertissa kuullaan koristeellisen virtuoosista 1600-luvun musiikkia It\u00e4meren ja V\u00e4limeren maista. Kiehr on el\u00e4v\u00e4 legenda, jonka instrumentaalisen notkea \u00e4\u00e4ni on m\u00e4\u00e4ritt\u00e4nyt barokkilaulun nykyp\u00e4iv\u00e4n ihanteen. <\/span><\/span><\/span><\/span><\/p>\n<hr style=\"width: 100%; height: 2px;\" \/>\n<p><span lang=\"en-US\"><span lang=\"en-US\">Pe 16.12. klo 19 Madetojan sali, Oulu<\/span><\/span><\/p>\n<p><span lang=\"en-US\"><span lang=\"en-US\"><span style=\"font-weight: bold;\">Barokkijoulu: Musica Baltica &amp; Mediterranea<\/span><\/span><\/span><\/p>\n<p><span lang=\"en-US\"><span lang=\"en-US\">Mar\u00eda Cristina Kiehr, sopraano<br \/>\njohtaa Aapo H\u00e4kkinen<\/span><\/span><\/p>\n<hr style=\"width: 100%; height: 2px;\" \/>\n<p><span lang=\"en-US\"><span lang=\"en-US\">Su 18.12. klo 15 Kallion kirkko, Helsinki<\/span><\/span><\/p>\n<p><span lang=\"en-US\"><span lang=\"en-US\"><span style=\"font-weight: bold;\">Barokkijoulu: Musica Baltica &amp; Mediterranea<br \/>\n<\/span><\/span><\/span><\/p>\n<p><span lang=\"en-US\"><span lang=\"en-US\">Mar\u00eda Cristina Kiehr, sopraano<br \/>\njohtaa Aapo H\u00e4kkinen<\/span><\/span><\/p>\n<p><span lang=\"en-US\"><span lang=\"en-US\">EBU:n joulukonsertti, suora radiointi<\/span><\/span><\/p>\n<hr style=\"width: 100%; height: 2px;\" \/>\n<p><span lang=\"en-US\"><span lang=\"en-US\">La 31.12. klo 19 Musiikkitalo, Helsinki<br \/>\n<\/span><\/span><\/p>\n<p style=\"font-weight: bold;\"><span lang=\"en-US\"><span lang=\"en-US\">Uudenvuoden juhlakonsertti<\/span><\/span><\/p>\n<p><span lang=\"en-US\"><span lang=\"en-US\"><b>Brave Old World<\/b> &#8211; musiikkia H\u00e4ndelin oopperoista <span style=\"font-style: italic;\">Aleksanteri Suuri <\/span>ja <span style=\"font-style: italic;\">Julius Caesar<\/span><\/span><\/span><\/p>\n<p><span lang=\"en-US\"><span lang=\"en-US\">Julia Lezhneva, sopraano<br \/>\njohtaa Aapo H\u00e4kkinen<\/span><\/span><\/p>\n<p>Musiikkitalon syyskausi huipentuu Helsingin Barokkiorkesterin Uudenvuoden juhlakonserttiin, jonka solisti Julia Lezhneva muistetaan Mirjam Helin -laulukilpailusta vuodelta 2009. Lezhneva voitti kilpailun kaikkien aikojen nuorimpana osanottajana ja on luonut sittemmin n\u00e4ytt\u00e4v\u00e4\u00e4 kansainv\u00e4list\u00e4 uraa my\u00f6s barokkimusiikin saralla.<span lang=\"en-US\"><span lang=\"en-US\"><br \/>\n<\/span><\/span><\/p>\n<hr \/>\n<h2>Konsertit 2012<\/h2>\n<\/div>\n<p>20.1.\u201329.2. <a href=\"http:\/\/www.ooppera.fi\/ohjelmisto\/julius_caesar\/841\/2752\">Suomen Kansallisooppera<\/a><\/p>\n<p><span style=\"font-weight: bold;\">H\u00e4ndel: Julius Caesar<\/span><\/p>\n<p>johtaa Howard Arman<\/p>\n<hr style=\"width: 100%; height: 2px;\" \/>\n<p>La 21.1. klo 16 Ravintola Allotria<\/p>\n<p><span style=\"font-weight: bold;\">Caf\u00e9 Barock &#8211; Barokkioopperaa!<\/span><br \/>\nOtteita H\u00e4ndelin oopperasta Julius Caesar<\/p>\n<p>Helsingin Barokkiorkesterin yhtye<br \/>\nKansallisoopperan solisteja<\/p>\n<hr style=\"width: 100%; height: 2px;\" \/>\n<p>Su 12.2. klo 16 Musiikkitalo, Camerata-sali*<\/p>\n<p><span style=\"font-weight: bold;\">Ein musikalischer Spa\u00df<\/span><br \/>\nHaydn, Mozart<\/p>\n<p>Musica Aeterna<br \/>\njohtaa Peter Zaj\u00ed\u010dek, viulu<\/p>\n<p>Yksi Euroopan vanhimmista s\u00e4\u00e4nn\u00f6llisesti toimivista periodisoitinyhtyeist\u00e4 vierailee Suomessa ensimm\u00e4ist\u00e4 kertaa. Luvassa Haydnin ja Mozartin musiikillista huumoria juurevaan keskieurooppalaiseen tyyliin.<\/p>\n<p><a href=\"http:\/\/www.musicaaeterna.sk\/index.php?page=main_en&amp;menu=menu_en\">Musica Aeterna<\/a><\/p>\n<hr style=\"width: 100%; height: 2px;\" \/>\n<p>Pe 9.3. klo 10 Kulttuurikeskus Poselli, Rauma<br \/>\n<span style=\"font-style: italic;\">yhteisty\u00f6ss\u00e4 <a href=\"http:\/\/www.rauma.fi\/kuva\/kulttuuri\/lasten_kulttuuriviikot\/\">Rauman lasten kulttuuriviikkojen<\/a> kanssa<\/span><\/p>\n<p style=\"font-weight: bold;\">Don Quijoten maailma<\/p>\n<p>Helsingin Barokkiorkesteri tutustuttaa lapset ja lapsenmieliset barokkimusiikin saloihin Don Quijote -konsertissaan. Draamallisessa esityksess\u00e4 Don Quijoten tarina her\u00e4\u00e4 henkiin musiikissa, lavalla ja kuvissa. Yleis\u00f6 p\u00e4\u00e4see osallistumaan Don Quijoten seikkailuihin yhdess\u00e4 orkesterin kanssa!<\/p>\n<hr style=\"width: 100%; height: 2px;\" \/>\n<p>Pe 9.3. klo 19 Pyh\u00e4n Ristin kirkko, Rauma<br \/>\nSu 11.3. klo 18 Kallion kirkko, Helsinki*<br \/>\n<span style=\"font-style: italic;\">yhteisty\u00f6ss\u00e4 <a href=\"http:\/\/www.kirkkosoikoon.fi\/\">Kirkko soikoon <\/a>-festivaalin kanssa<\/span><\/p>\n<p><span style=\"font-weight: bold;\">Bach: Yl\u00f6snousemusoratorio<\/span><\/p>\n<p>Kajsa Dahlb\u00e4ck, sopraano<br \/>\nIan Honeyman, tenori<br \/>\nHerman Wall\u00e9n, baritoni<br \/>\nHelsingin kamarikuoro<br \/>\njohtaa Aapo H\u00e4kkinen<\/p>\n<p>C.P.E. Bachin <span style=\"font-style: italic;\">Yl\u00f6snousemusoratorio<\/span> on t\u00e4ynn\u00e4 yll\u00e4tt\u00e4vi\u00e4 k\u00e4\u00e4nteit\u00e4, hienostuneita sointivivahteita ja intensiivist\u00e4 musiikillista vuoropuhelua. Loppukuoro kasvaa suorastaan beethoveniaanisiin mittasuhteisiin. Oratoriota arvostivat suuresti aikalaiset Mozart ja Haydn, joista ensiksi mainittu esitti teoksen Wieniss\u00e4. Helsingin kamarikuoron ja huippusolistien seurassa Kristuksen yl\u00f6snousemuksen tarina saa tunteita puhuttelevan soinnin.<\/p>\n<p><a href=\"http:\/\/www.helsinginkamarikuoro.fi\/\">Helsingin kamarikuoro<\/a><a href=\"http:\/\/www.helsinginkamarikuoro.fi\/\"><br \/>\n<\/a><\/p>\n<hr style=\"width: 100%; height: 2px;\" \/>\n<p>Su 1.4. klo 16 Musiikkitalo, Konserttisali*<br \/>\n<span style=\"font-style: italic;\">Helsingin Barokkiorkesteri 15 vuotta<\/span><\/p>\n<p><span style=\"font-weight: bold;\">Die letzten Worte<\/span><br \/>\nVivaldi, Telemann, Haydn, Schubert<\/p>\n<p>Anna-Kristiina Kaappola, sopraano<br \/>\nEssi Luttinen, altto<br \/>\nTuomas Katajala ja Ian Honeyman, tenori<br \/>\nJouni Kokora, basso<br \/>\nRiccardo Minasi, Alina Pogostkina ja Dmitry Sinkovsky, viulu<br \/>\nKamarikuorot Kaamos ja Kampin Laulu<br \/>\nDani Juris ja Kari Turunen, kuorojen valmennus<br \/>\njohtaa Aapo H\u00e4kkinen<\/p>\n<p>Joseph Haydnin <span style=\"font-style: italic;\">Seitsem\u00e4n sanaa ristill\u00e4<\/span> solisteille, kuorolle ja suurelle orkesterille oli viimeinen teos, jonka s\u00e4velt\u00e4j\u00e4 johti itse. Juhlavassa musiikkikattauksessa lis\u00e4ksi tuttuja teoksia ja solisteja 15 vuoden ajalta.<\/p>\n<p><a href=\"http:\/\/www.kamarikuorokaamos.fi\/\">Kaamos<\/a><br \/>\n<a href=\"http:\/\/www.kampinlaulu.fi\/\">Kampin Laulu<\/a><\/p>\n<hr style=\"width: 100%; height: 2px;\" \/>\n<p>Pe 20.4. klo 19 Pyh\u00e4n Ristin kirkko, Rauma<br \/>\nTi 1.5. klo 12 Sibelius-Akatemian konserttisali, Helsinki<\/p>\n<p>Monteverdi, Roman, Rossini, Schubert<br \/>\nHelsingin kamarikuoro<br \/>\njohtaa Nils Schweckendiek<\/p>\n<p>Iloisesti kuplivia s\u00e4veli\u00e4 kev\u00e4\u00e4n kunniaksi. Tule hymyss\u00e4 suin ja avoimin mielin, nauti lasillinen kuohuvaa vappukonsertissa!<\/p>\n<p><span lang=\"en-US\"><a href=\"http:\/\/www.helsinginkamarikuoro.fi\/\">Helsingin kamarikuoro<\/a><br \/>\n<a href=\"http:\/\/www.schweckendiek.org\/\">Nils Schweckendiek<\/a><\/span><\/p>\n<hr style=\"width: 100%; height: 2px;\" \/>\n<p>Su 13.5. klo 16 Musiikkitalo, Camerata-sali*<\/p>\n<p><span style=\"font-weight: bold;\">Vuosikerta 1685<\/span><br \/>\nBach, H\u00e4ndel, Scarlatti<\/p>\n<p>Enrico Baiano &amp; Aapo H\u00e4kkinen, cembalo<\/p>\n<p>Samana vuonna syntyneiden mestaris\u00e4velt\u00e4jien loistokasta musiikkia kahdelle cembalolle.<\/p>\n<hr style=\"width: 100%; height: 2px;\" \/>\n<p>Su 3.6. klo 19<a href=\"http:\/\/www.haendelfestspiele.halle.de\/de\/festspiele\/\"> H\u00e4ndel-Festspiele<\/a>, Halle<br \/>\nMa 4.6. klo 20 <a href=\"http:\/\/www.villingen-schwenningen.de\/kultur\/theater-und-konzerte\/franziskaner-konzerthaus.html\">Franziskaner Konzerthaus, Villingen<br \/>\n<\/a>Ke 6.6. klo 19 Musiikkitalo, Helsinki<br \/>\nLa 9.6. klo 19 <a href=\"http:\/\/www.frauenkirche-dresden.de\/musik.html\">Frauenkirche<\/a>, Dresden<\/p>\n<p><span style=\"font-weight: bold;\">Bel pianto<\/span><br \/>\nH\u00e4ndel, Haydn<\/p>\n<p>Vesselina Kasarova, mezzosopraano<br \/>\njohtaa Yordan Kamdzhalov<\/p>\n<p>Maailmanluokan mezzosopraanon Suomen debyytti! Orkesteria luotsaa Yordan Kamdzhalov, joka voitti edellisen Jorma Panula -kapellimestarikilpailun. T\u00e4t\u00e4 ei kannata j\u00e4tt\u00e4\u00e4 v\u00e4liin.<\/p>\n<p>30 \/ 28 \u20ac aikuiset<br \/>\n27 \/ 25 \u20ac el\u00e4kel\u00e4iset<br \/>\n15 \/ 13 \u20ac opiskelijat ja muut alennusryhm\u00e4t<br \/>\n20 \u20ac ryhm\u00e4lippu (min. 10 hl\u00f6)<span style=\"font-style: italic;\"><br \/>\n<\/span><\/p>\n<p><a href=\"http:\/\/www.kasarova.com\/\">Vesselina Kasarova<\/a><br \/>\n<a href=\"http:\/\/www.kamdzhalov.com\/\">Yordan Kamdzhalov<\/a><\/p>\n<hr style=\"width: 100%; height: 2px;\" \/>\n<p>La 30.6. klo 19 Keuruun kirkko<\/p>\n<p style=\"font-weight: bold;\">Bach, Rameau, Couperin, H\u00e4ndel<\/p>\n<p>Helsingin Barokkiorkesterin yhtye<\/p>\n<hr style=\"width: 100%; height: 2px;\" \/>\n<p>Ti 10.7. klo 18 Korpilahden kirkko, Jyv\u00e4skyl\u00e4<br \/>\n<span style=\"font-style: italic;\"><a href=\"http:\/\/www.jyvaskylankesa.fi\">Jyv\u00e4skyl\u00e4n Kes\u00e4<\/a> -festivaalin avajaiskonsertti<\/span><\/p>\n<p style=\"font-weight: bold;\">Vivaldi<br \/>\njohtaa Nathalie Stutzmann, altto<\/p>\n<p>Nathalie Stutzmannin tekninen taituruus yhdistyy harvinaisen laajaan \u00e4\u00e4nialaan ja vahvoihin tulkintoihin. Tumma- ja notkea\u00e4\u00e4nist\u00e4 laulajatarta onkin kuvailtu aikamme suureksi lahjakkuudeksi. Vivaldin musiikin s\u00e4h\u00e4kkyytt\u00e4, herkkyytt\u00e4 ja voimaa juhlavassa avajaiskonsertissa.<br \/>\nKonsertti + iltajuhla illallisineen Juhlatalo Juurikkasaaressa 95 \u20ac<\/p>\n<p><a href=\"http:\/\/www.nathaliestutzmann.com\/\">Nathalie Stutzmann<\/a><\/p>\n<hr style=\"width: 100%; height: 2px;\" \/>\n<p>To 19.7. klo 19:30 Vaasan kirkko<br \/>\nSu 22.7<span style=\"font-style: italic;\">. <\/span>klo 16 <a href=\"http:\/\/www.suomenlinna.fi\/matkailijan_suomenlinna\/kayntikohteet\/suomenlinnan_kesateatteri\">Suomenlinnan kes\u00e4teatteri<\/a><\/p>\n<p><span style=\"font-weight: bold;\">Musica Baltica<\/span><br \/>\nBuxtehude, Dikman, Kirchoff<\/p>\n<p>Kajsa Dahlb\u00e4ck, sopraano<br \/>\njohtaa Aapo H\u00e4kkinen<\/p>\n<p>It\u00e4meren hansakaupungit olivat musiikkiel\u00e4m\u00e4n aktiivisia keskuksia 1600-luvun j\u00e4lkipuoliskolla. Alueen musiikki on kiehtova sekoitus italialaista vokaaliperinnett\u00e4 ja saksalaisen instrumentaalimusiikin phantasticus-tyyli\u00e4. Pimeys ja valo vaihtelevat pohjoisella, taianomaisella tavalla.<\/p>\n<hr style=\"width: 100%; height: 2px;\" \/>\n<p>La 4.8. klo 19 Lemlandin kirkko, Maarianhamina<br \/>\n<a style=\"font-style: italic;\" href=\"http:\/\/www.katrina.ax\/kamarimusiikki.html\">Katrina-kamarimusiikkifestivaalin<\/a> p\u00e4\u00e4t\u00f6skonsertti<span style=\"font-weight: bold;\"><br \/>\n<\/span>Su 5.8. klo 16 <a href=\"hhttp:\/\/www.suomenlinna.fi\/matkailijan_suomenlinna\/kayntikohteet\/suomenlinnan_kesateatteri\/\">Suomenlinnan kes\u00e4teatteri<\/a><\/p>\n<p><span style=\"font-weight: bold;\">Les Nations<\/span><br \/>\nCouperin<\/p>\n<p>Sophie Gent, viulu<br \/>\nJasu Moisio, oboe ja traverso<br \/>\nJosh Cheatham, viola da gamba<br \/>\nAapo H\u00e4kkinen, cembalo<\/p>\n<p>Kamarimusiikkikokoelmassa <span style=\"font-style: italic;\">Les Nations <\/span>Fran\u00e7ois Couperin loi kilpailevien kansallisten musiikkityylien parhaista ominaisuuksista moniulotteisen synteesin. Konsertissa kuullaan Couperinin runollista musiikkia my\u00f6s kokoelmasta <span style=\"font-style: italic;\">Les Go\u00fbts-r\u00e9unis,<\/span> jossa Aurinkokuninkaan hovis\u00e4velt\u00e4j\u00e4 jatkoi kansainv\u00e4lisyysaatteen toteuttamista.<\/p>\n<hr style=\"width: 100%; height: 2px;\" \/>\n<p>Su 12.8. klo 22:30 Castillo del Papa Luna<br \/>\nFestival de M\u00fasica Antigua de Pe\u00f1\u00edscola<\/p>\n<p><strong>Bach: Cembalokonsertot<\/strong><\/p>\n<p>johtaa Aapo H\u00e4kkinen, cembalo<\/p>\n<hr \/>\n<p>To 23.8. klo 20 Johanneksenkirkko<\/p>\n<p><span style=\"font-weight: bold;\">Monteverdi: Maria-vesper &#8211; Vespro della Beata Vergine 1610<\/span><\/p>\n<p>Helsingin kamarikuoro<br \/>\njohtaa Rinaldo Alessandrini<\/p>\n<p>Bachin passioihin verrattavissa oleva musiikin historian monumentti juhlistaa Taiteiden y\u00f6t\u00e4. Maria-vesperin ylev\u00e4t ja herk\u00e4t laulusoolot, voimalliset kuorot sek\u00e4 omintakeiset orkesteriosuudet soivat ylenpalttisen rikkaasti r\u00e4iskyvill\u00e4 Monteverdi-tulkinnoillaan maailmanmaineeseen nousseen, italialaisen Rinaldo Alessandrinin johdolla.<\/p>\n<hr style=\"width: 100%; height: 2px;\" \/>\n<p>Ke 29.8. klo 19:30 <a href=\"http:\/\/www.tivoli.dk\/tivoli-festival\/english\/\">Tivoli Festival<\/a>, K\u00f6\u00f6penhamina<br \/>\nTo 30.8. klo 22 Espoon tuomiokirkko, <a href=\"http:\/\/www.urkuyofestival.fi\/\">Urkuy\u00f6 ja Aaria<\/a><br \/>\nLa 1.9. klo 19 H\u00e4meenlinnan kirkko, <a href=\"http:\/\/www.freewebs.com\/musiikkialinnassa\/\">Musiikkia Linnassa<\/a><\/p>\n<p class=\"MsoNormal\" style=\"text-indent: 0cm; font-weight: bold;\">Vivaldi<\/p>\n<p class=\"MsoNormal\" style=\"text-indent: 0cm;\">Minna Pensola, viulu<\/p>\n<hr style=\"width: 100%; height: 2px;\" \/>\n<p>Su 23.9. klo 16 Musiikkitalo, Konserttisali*<a><br \/>\nKe 26.9. klo 19 Pyh\u00e4n Ristin kirkko, Rauma<br \/>\nSu 30.9. klo 11 <\/a><a href=\"http:\/\/www.concertgebouw.nl\/het-concertgebouw\">Concertgebouw Amsterdam<\/a><\/p>\n<p><span style=\"font-weight: bold;\">Bach, Muffat, Telemann<\/span><\/p>\n<p>Johannette Zomer, sopraano<br \/>\nJulien Martin, nokkahuilu<br \/>\njohtaa Skip Semp\u00e9<\/p>\n<p>Johannette Zomer tulkitsee lempe\u00e4ll\u00e4 sopraanollaan Bachin ihastuttavan h\u00e4\u00e4kantaatin. Barokin &#8221;enfant terrible&#8221; Skip Semp\u00e9 antaa teoksille perusteellisen tuuletuksen ja saa saksalaisen barokin v\u00e4riskaalan hehkumaan el\u00e4v\u00e4n\u00e4 nykyhetkess\u00e4.<\/p>\n<hr style=\"width: 100%; height: 2px;\" \/>\n<p>Su 21.10. klo 16 Musiikkitalo, Camerata-sali*<\/p>\n<p><span style=\"font-weight: bold;\">Biber, Buxtehude, Marais<br \/>\n<\/span><\/p>\n<p>Dmitry Sinkovsky, viulu<br \/>\nJay Bernfeld, viola da gamba<br \/>\nMike Fentross, luuttu<br \/>\nAapo H\u00e4kkinen, cembalo<\/p>\n<p>Virtuoosista kamarimusiikkia 1600-luvulta. Muusikkopersoonallisuuksien kohtaamisessa barokkimusiikista l\u00f6ytyy lukemattomia mahdollisuuksia spontaanille improvisatorisuudelle. Odotettavissa inspiraation kipin\u00f6it\u00e4!<\/p>\n<hr style=\"width: 100%; height: 2px;\" \/>\n<p>Ke 31.10. klo 18:30 Uusi Paviljonki<br \/>\n<a href=\"http:\/\/www.kauniaistenmusiikkijuhlat.fi\">Kauniaisten musiikkijuhlat<\/a><\/p>\n<p><span style=\"font-weight: bold;\">Vivaldi<\/span><\/p>\n<p>Erik Bosgraaf, nokkahuilu<\/p>\n<hr \/>\n<p>Su 18.11. klo 16 Musiikkitalo, Camerata-sali*<\/p>\n<p><b>Haydn, Woelfl, Beethoven<\/b><\/p>\n<p>Quatuor Mosaiques<\/p>\n<p>Mosa\u00efques-kvartetin hienostuneet, \u00e4lykk\u00e4\u00e4t ja syv\u00e4lliset tulkinnat ovat saaneet kriitikot polvilleen ymp\u00e4ri maailman. Klassisen ajan musiikkiin erikoistuneen yhtyeen odotettu vierailu Suomessa, omimman ohjelmistonsa parissa.<\/p>\n<hr style=\"width: 100%; height: 2px;\" \/>\n<p>Su 18.11. klo 18 Tampereen tuomiokirkko<\/p>\n<p><strong>Scarlatti: Messa di Santa Cecilia<\/strong><\/p>\n<p>H\u00e4ndel-kuoro<br \/>\njohtaa Debra Gomez<\/p>\n<hr \/>\n<p>Ke 19.12. klo 19 Pyh\u00e4n Ristin kirkko, Rauma<br \/>\nTo 20.12. klo 19 Vanha kirkko, Helsinki*<\/p>\n<p><span style=\"font-weight: bold;\">Joulukonsertti<br \/>\n<\/span>Castello, Legrenzi, Vivaldi<br \/>\njohtaa Enrico Onofri, viulu<\/p>\n<p>S\u00e4ihkyv\u00e4\u00e4 venetsialaista musiikkia Vivaldilta ja h\u00e4nen edelt\u00e4jilt\u00e4\u00e4n. Viulun varressa <a href=\"http:\/\/www.enricoonofri.com\/\">Enrico Onofri<\/a>, modernin italialaisen barokin is\u00e4 ja legendaarisen Il Giardino Armonicon konserttimestari.<\/p>\n<hr style=\"width: 100%; height: 2px;\" \/>\n<p><a name=\"seuraavakonsertti\"><\/a>Ma 31.12. klo 19 Musiikkitalo, Konserttisali<span style=\"font-weight: bold;\"><br \/>\n<\/span><\/p>\n<p><b>Uudenvuoden juhlakonsertti<\/b><br \/>\nVivaldi<br \/>\njohtaa Nathalie Stutzmann, altto<\/p>\n<p>Inspiroitunut yhteisty\u00f6 Helsingin Barokkiorkesterin ja <a href=\"http:\/\/www.nathaliestutzmann.com\/\">Nathalie Stutzmannin<\/a> v\u00e4lill\u00e4 jatkuu! Stutzmannin tekninen taituruus yhdistyy harvinaisen laajaan \u00e4\u00e4nialaan ja vahvoihin tulkintoihin. Vivaldin musiikin s\u00e4h\u00e4kkyytt\u00e4, herkkyytt\u00e4 ja voimaa Uudenvuoden juhlakonsertissa.<\/p>\n<hr style=\"width: 100%; height: 2px;\" \/>\n<p><i>* = konsertti kuuluu Vanhan musiikin sarjaan.<\/i><\/p>\n<h2>Konsertit 2013<\/h2>\n<p>Pe 25.1 klo 19 Pyh\u00e4n Ristin kirkko, Rauma<\/p>\n<p><strong>Bach, Telemann<\/strong><\/p>\n<p>Dimitre Marinkev, huilu<br \/>\nJasu Moisio, oboe<br \/>\nAapo H\u00e4kkinen, cembalo<\/p>\n<hr \/>\n<p>La 26.1. klo 16 <a href=\"http:\/\/www.kapsakki.fi\/ohjelmisto\/ohjelma\/cafe-barock\">Ravintola Allotria<\/a><br \/>\n<strong>Caf\u00e9 Barock &#8211; Soleil, fuis de ses lieux<\/strong><br \/>\n<strong> Rameau, Forqueray, Monteclair<\/strong><\/p>\n<hr \/>\n<p>Su 3.2. klo 16 Musiikkitalo, Camerata-sali*<\/p>\n<p><strong>Victoria<\/strong><\/p>\n<p>La Colombina -lauluyhtye<\/p>\n<hr \/>\n<p>Ti 26.2. klo 10 <a href=\"http:\/\/www.sellosali.fi\/fi-FI\">Sellosali, Espoo<\/a><\/p>\n<p><strong>Don Quijoten maailma &#8211; dramatisoitu koko perheen barokkikonsertti<\/strong><\/p>\n<hr \/>\n<p>Su 17.3. klo 16 Musiikkitalo, Konserttisali*<\/p>\n<p><strong>Bach, H\u00e4ndel, Leclair, Vivaldi<\/strong><\/p>\n<p>Alina Pogostkina, viulu<br \/>\nHelsingin Barokkiorkesteri<br \/>\njohtaa Dmitry Sinkovsky, viulu<\/p>\n<hr \/>\n<p>Su 21.4. klo 16 Musiikkitalo, Camerata-sali*<\/p>\n<p><strong>Bach: Goldberg-muunnelmat<\/strong><\/p>\n<p>Pierre Hanta\u00ef, cembalo<\/p>\n<hr \/>\n<p>Pe 26.4. klo 19 Pyh\u00e4n Ristin kirkko, Rauma<br \/>\nLa 27.4. klo 19 <a href=\"http:\/\/www.kirkkosoikoon.fi\/\">Kirkko soikoon <\/a>-festivaali, Temppeliaukion kirkko, Helsinki<\/p>\n<p><strong>Bach: P\u00e4\u00e4si\u00e4isoratorio<\/strong><\/p>\n<p>Kajsa Dahlb\u00e4ck, sopraano<br \/>\nJean-S\u00e9bastien Beauvais, kontratenori<br \/>\nNiall Chorell, tenori<br \/>\nAarne Pelkonen, basso<br \/>\nHelsingin Barokkiorkesteri<br \/>\nHelsingin kanttoreiden kuoro, valm. Dani Juris<br \/>\njohtaa Aapo H\u00e4kkinen<\/p>\n<hr \/>\n<p>Su 26.5. klo 16 Musiikkitalo, Camerata-sali*<\/p>\n<p><strong>Bach: Sonaatit viululle ja cembalolle<\/strong><\/p>\n<p>Erich H\u00f6barth, viulu<br \/>\nAapo H\u00e4kkinen, cembalo<\/p>\n<hr \/>\n<p>Su 9.6. klo 16 Musiikkitalo, Konserttisali*<\/p>\n<p><strong>Kraus, Mozart<\/strong><\/p>\n<p>Monica Groop, mezzosopraano<br \/>\nHelsingin Barokkiorkesteri<br \/>\njohtaa Aapo H\u00e4kkinen<\/p>\n<hr \/>\n<p>La 15.6. klo 20 <a href=\"http:\/\/www.mozartfest.de\/\">Mozartfest W\u00fcrzburg<\/a><\/p>\n<p><strong>Kraus, Mozart<\/strong><\/p>\n<p>Monica Groop, mezzosopraano<br \/>\nPauliina Fred, huilu<br \/>\nHelsingin Barokkiorkesteri<br \/>\njohtaa Aapo H\u00e4kkinen<\/p>\n<hr \/>\n<p>Ke 19.6. klo 20 <a href=\"http:\/\/www.bach-leipzig.de\/de\/neutral\/wir-%c3%bcber-uns?id=26\">Bachfest Leipzig<\/a><\/p>\n<p><strong>Bach, Fasch, Locatelli<\/strong><\/p>\n<p>Isabelle Faust, viulu<br \/>\nHelsingin Barokkiorkesteri<br \/>\njohtaa Reinhard Goebel<\/p>\n<hr \/>\n<p>28.-30.6. <b>Janakkalan Barokki 2013<\/b><\/p>\n<p>Pe 28.6. klo 19 Pyh\u00e4n Laurin kirkko<br \/>\n<strong>Bach: Sonaatteja viululle ja cembalolle<\/strong><br \/>\nR\u00e9ka Szilvay, viulu<br \/>\nAapo H\u00e4kkinen, cembalo<\/p>\n<p>La 29.6. klo 19 Pyh\u00e4n Laurin kirkko<br \/>\n<strong>Bach: Clavier-\u00dcbung III<\/strong><br \/>\nMarkku M\u00e4kinen, urut<\/p>\n<p>Su 30.6. klo 19 Pyh\u00e4n Laurin kirkko<br \/>\n<strong>Psalmen Davids<br \/>\nMonteverdi &#8211; Sch\u00fctz<\/strong><br \/>\nPia Freund, sopraano<br \/>\nLauluyhtye Lumen Valo<br \/>\nHelsingin Barokkiorkesteri<br \/>\njohtaa Aapo H\u00e4kkinen<\/p>\n<hr \/>\n<p>Ti 2.7. klo 19 Suomenlinnan kes\u00e4teatteri<\/p>\n<p><strong>Bach: Sonaatteja ja partitoja<\/strong><\/p>\n<p>R\u00e9ka Szilvay, viulu<br \/>\nAapo H\u00e4kkinen, cembalo<\/p>\n<hr \/>\n<p>Pe 26.7. klo 20 <a href=\"http:\/\/www.rheingau-musik-festival.de\/\">Rheingau Musik Festival<\/a><\/p>\n<p><strong>Bach ja pojat<\/strong><\/p>\n<p>Aapo H\u00e4kkinen, cembalo<br \/>\nDmitry Sinkovsky, viulu<br \/>\nHelsingin Barokkiorkesteri<\/p>\n<hr \/>\n<p>Su 28.7. klo 16 Suomenlinnan kes\u00e4teatteri<\/p>\n<p><strong>Bach ja pojat<\/strong><\/p>\n<p>Aapo H\u00e4kkinen, cembalo<br \/>\nDmitry Sinkovsky, viulu<br \/>\nHelsingin Barokkiorkesteri<\/p>\n<hr \/>\n<p>Ke 7.8. klo 19 <a href=\"http:\/\/www.katrina.ax\/kamarimusiikki.html\">Katrina-kamarimusiikki<\/a>, Finstr\u00f6min kirkko<\/p>\n<p><strong>Musica Baltica<\/strong><\/p>\n<p>Kajsa Dahlb\u00e4ck, sopraano<br \/>\nHelsingin Barokkiorkesterin yhtye<\/p>\n<hr \/>\n<p>To 22.8. klo. 22 <a href=\"http:\/\/urkuyofestival.fi\/to-22-8-klo-22-espoon-tuomiokirkko-groop-hebo\/\">Urkuy\u00f6 ja aaria <\/a>-festivaali, Espoon tuomiokirkko<br \/>\nLa 24.8. klo 19:30 <a href=\"http:\/\/www.eszterhazivigassagok.hu\/\">Haydn Festival Eszterh\u00e1za<\/a><\/p>\n<p><strong>Haydn, Kraus, Richter<\/strong><\/p>\n<p>Monica Groop, mezzosopraano<br \/>\nAapo H\u00e4kkinen, cembalo<br \/>\nHelsingin Barokkiorkesteri<\/p>\n<hr \/>\n<p>Su 22.9. klo 16 Musiikkitalo, Organo-sali*<\/p>\n<p><strong>Bach: Clavier-\u00dcbung III<\/strong><\/p>\n<p>Markku M\u00e4kinen, urut<\/p>\n<hr \/>\n<p>La 19.10. klo 15 Kanneltalo<\/p>\n<p><strong>Mozart, Duschek<\/strong><br \/>\n<strong> Mozart Prahassa: Koko perheen konsertti<\/strong><\/p>\n<p>Helsingin Barokkiorkesteri<br \/>\njohtaa Aapo H\u00e4kkinen<\/p>\n<hr \/>\n<p>Su 20.10. klo 16 Musiikkitalo, Konserttisali*<\/p>\n<p><strong>Mozart, Duschek<\/strong><br \/>\n<strong> Mozart Prahassa: Aarioita Josepha Duschkovalle<\/strong><\/p>\n<p>Soile Isokoski, sopraano<br \/>\nPauliina Fred, huilu<br \/>\nHelsingin Barokkiorkesteri<br \/>\njohtaa Aapo H\u00e4kkinen<\/p>\n<hr \/>\n<p>Su 3.11. klo 15<a href=\"http:\/\/www.kauniaistenmusiikkijuhlat.fi\/fi\/ohjelma\/\"> Kauniaisten musiikkijuhlat<\/a>, Kauniaisten kirkko<\/p>\n<p><strong>Bach<\/strong><br \/>\n<strong> Kamarimusiikkia Leipzigin kaudelta<\/strong><\/p>\n<p>Kajsa Dahlb\u00e4ck, sopraano<br \/>\nAapo H\u00e4kkinen, cembalo<br \/>\nHelsingin Barokkiorkesteri<\/p>\n<hr \/>\n<p>La 16.11. klo 11 Lasten kulttuuriviikot: Pyh\u00e4n Ristin kirkko, Rauma<\/p>\n<p><strong>Musiikkimatka Renessanssin Italiaan<\/strong><\/p>\n<hr \/>\n<p>La 16.11. klo 19 Pyh\u00e4n Ristin kirkko, Rauma<br \/>\nSu 17.11. klo 16 Musiikkitalo, Camerata-sali*<\/p>\n<p><strong>Caprioli, Luzzaschi, Peri<\/strong><br \/>\n<strong> Frottole e madrigali<\/strong><\/p>\n<p>Hanna J\u00e4rvel\u00e4inen, sopraano<br \/>\nGiovanni Cantarini, tenori<br \/>\nElizabeth Rumsey, viola d&#8217;arco ja lirone<br \/>\nEero Palviainen, luuttu<br \/>\nAnna-Maaria Oramo, cembalo<\/p>\n<hr \/>\n<p>La 30.11. klo 16 <a href=\"http:\/\/www.kapsakki.fi\/ohjelmisto\/ohjelma\/cafe-barock\">Ravintola Allotria<\/a><\/p>\n<p><strong>Caf\u00e9 Barock &#8211; Couperin, Bach, Haydn<\/strong><\/p>\n<p>Helsingin Barokkiorkesterin yhtye<\/p>\n<hr \/>\n<p>To 19.12. klo 19 Madetoja-sali, Oulu<br \/>\nPe 20.12. klo 19 Pyh\u00e4n Ristin kirkko, Rauma<br \/>\nLa 21.12. klo 18 Sipoon kirkko<br \/>\nSu 22.12. klo 18 Vanha kirkko, Helsinki*<\/p>\n<p><strong>Sch\u00fctz: Weihnachtshistorie<\/strong><\/p>\n<p>Kajsa Dahlb\u00e4ck, sopraano<br \/>\nAnna Immonen, sopraano<br \/>\nTeppo Lampela, kontratenori<br \/>\nJussi Salonen, tenori<br \/>\nHerman Wall\u00e9n, baritoni<br \/>\nSampo Haapaniemi, baritoni<br \/>\nGustav Eriksson, basso<br \/>\nRauman kamarikuoro (vain Raumalla 20.12.)<br \/>\nHelsingin Barokkiorkesteri<br \/>\njohtaa Aapo H\u00e4kkinen<\/p>\n<hr \/>\n<p>Ti 31.12. klo 19 Musiikkitalo, Konserttisali<\/p>\n<p><strong>Bach, Fux, Mozart<\/strong><br \/>\n<strong> Uudenvuoden juhlakonsertti<\/strong><\/p>\n<p>Helsingin Barokkiorkesteri<br \/>\nHanna Pakkala, alttoviulu<br \/>\njohtaa Dmitry Sinkovsky, viulu<\/p>\n<h2>Konsertit 2014<\/h2>\n<p>Ti 7.1. klo 19 Espoon tuomiokirkko<\/p>\n<p><strong>H\u00e4ndel: Messias<\/strong><\/p>\n<p>Espoon kanttorikuoro<br \/>\nHelsingin Barokkiorkesteri<br \/>\njohtaa Eric-Olof S\u00f6derstr\u00f6m<\/p>\n<hr \/>\n<p>Ti 14.1. klo 19 Pyh\u00e4n Ristin kirkko, Rauma<br \/>\nKe 15.1. klo 19 Musiikkitalo, Camerata sali*<\/p>\n<p><strong>Bach<\/strong><\/p>\n<p>Aapo H\u00e4kkinen, cembalo<\/p>\n<hr \/>\n<p>Su 9.2. klo 16 Musiikkitalo, Konserttisali<\/p>\n<p><strong>Haydn, Mozart<\/strong><\/p>\n<p>R\u00e9ka Szilvay, viulu<br \/>\nHelsingin Barokkiorkesteri<br \/>\njohtaa Erich H\u00f6barth, viulu<\/p>\n<hr \/>\n<p>Su 30.3. klo 18 Kallion kirkko<br \/>\nYhteisty\u00f6ss\u00e4 <a href=\"http:\/\/www.kirkkosoikoon.fi\/\">Kirkko soikoon<\/a> -festivaalin kanssa<\/p>\n<p><strong>C.P.E. Bach: Matteus-passio<\/strong><\/p>\n<p>Kajsa Dahlb\u00e4ck, sopraano<br \/>\nAnna Graca, altto<br \/>\nTuomas Katajala, tenori<br \/>\nAarne Pelkonen, baritoni<br \/>\nEric Ericson -kamarikuoro<br \/>\nHelsingin Barokkiorkesteri<br \/>\njohtaa Aapo H\u00e4kkinen<\/p>\n<hr \/>\n<p>Ke 16.4. klo 19 Pyh\u00e4n Ristin kirkko, Rauma<\/p>\n<p><strong>Pergolesi: Stabat Mater<\/strong><\/p>\n<p>Katja Vaahtera, sopraano<br \/>\nSaara Kukko, altto<br \/>\nHelsingin Barokkiorkesteri<\/p>\n<hr \/>\n<p>Su 20.4. klo 16 Musiikkitalo, Konserttisali<br \/>\nTi 22.4. klo 21 <a href=\"http:\/\/www.musica.gulbenkian.pt\/cgi-bin\/wnp_db_dynamic_record.pl?dn=db_musica_season_2013_2014_en&amp;sn=musica_antiga&amp;orn=96\">Gulbenkian M\u00fasica, Grande Audit\u00f3rio<\/a>, Lissabon<br \/>\nTi 3.6. klo 19:30 <a href=\"http:\/\/www.fib.no\/en\/Programme\/?TLp=851040\">Bergen International Festival<\/a><\/p>\n<p><strong>Resurrezione: H\u00e4ndel Italiassa<\/strong><\/p>\n<p>Julia Lezhneva, sopraano<br \/>\nHelsingin Barokkiorkesteri<br \/>\njohtaa Aapo H\u00e4kkinen<\/p>\n<hr \/>\n<p>Su 18.5. klo 16 Musiikkitalo, Camerata-sali*<br \/>\nKe 21.5. klo 19:30 <a href=\"http:\/\/www.lfbm.org.uk\/#.UsqxVvRdUrU\">Lufthansa Festival of Baroque Music<\/a>, Lontoo<\/p>\n<p><strong>Bach<\/strong><\/p>\n<p>Pierre Hanta\u00ef, cembalo<br \/>\nAapo H\u00e4kkinen, cembalo<br \/>\nHelsingin Barokkiorkesteri<\/p>\n<hr \/>\n<p>27.-29.6. <b>Janakkalan Barokki 2014<\/b><\/p>\n<p>Pe 27.6. klo 19 Pyh\u00e4n Laurin kirkko<br \/>\n<strong>Stylus Phantasticus<br \/>\nBruhns, Buxtehude, Froberger, Praetorius, Scheidemann<\/strong><br \/>\nBenjamin-Joseph Steens, urut<\/p>\n<p>La 28.6. klo 19 Pyh\u00e4n Laurin kirkko<br \/>\n<strong>Castello, Fontana, Frescobaldi, Rognoni, Salaverde<\/strong><br \/>\nJulien Martin, nokkahuilu<br \/>\nBenjamin-Joseph Steens, urut ja cembalo<\/p>\n<p>La 28.6. klo 21 Laurinm\u00e4ki<br \/>\n<strong>Vanhaa h\u00e4m\u00e4l\u00e4ist\u00e4 kansanmusiikkia ja iltapalaa<\/strong><\/p>\n<p>Su 29.6. klo 10 Pyh\u00e4n Laurin kirkko<br \/>\n<strong>Janakkalan Barokin juhlamessu<\/strong><\/p>\n<p>Su 29.6. klo 19 Pyh\u00e4n Laurin kirkko<br \/>\n<strong>Mare Nostrum &#8211; Musica Baltica &amp; Mediterranea<\/strong><br \/>\nKajsa Dahlb\u00e4ck, sopraano<br \/>\nHelsingin Barokkiorkesteri<br \/>\njohtaa Aapo H\u00e4kkinen<\/p>\n<hr \/>\n<p>To 26.6. &amp; Pe 27.6. klo 20:30 <a href=\"http:\/\/www.seviqc-brezice.si\/\">Brezice Festival<\/a><br \/>\nTo 17.7. klo 20:30 Festival de M\u00fasica Antiga de Juiz de Fora<\/p>\n<p><strong>Musica Baltica &amp; Mediterranea<\/strong><\/p>\n<p>Kajsa Dahlb\u00e4ck, sopraano<br \/>\nHelsingin Barokkiorkesteri<br \/>\njohtaa Aapo H\u00e4kkinen<\/p>\n<hr \/>\n<p>Su 20.7. klo 19, Kerim\u00e4en kirkko, <a href=\"http:\/\/www.savonlinnanyt.fi\/?eventid=8737\">Savonlinnan oopperajuhlat<\/a><\/p>\n<p><strong>Mozart: Requiem<\/strong><\/p>\n<p>Soile Isokoski, sopraano<br \/>\nLilli Paasikivi, mezzosopraano<br \/>\nJorma Silvasti, tenori<br \/>\nNicholas S\u00f6derlund, basso<br \/>\nHelsingin Barokkiorkesteri<br \/>\nSavonlinnan oopperajuhlakuoro, kuoromestari Matti Hy\u00f6kki<br \/>\njohtaa Dalia Stasevska<\/p>\n<hr \/>\n<p>Ke 6.8. klo 20 Teatro Victoria Eugenia, <a href=\"http:\/\/www.quincenamusical.com\/en\/program\/events\/event-detail\/e\/helsinki-baroque-orchestra\">Quincena Musical<\/a>, San Sebasti\u00e1n<br \/>\nPe 8.8. klo 18 Konserttisali, <a href=\"http:\/\/www.turkumusicfestival.fi\/\">Turun musiikkijuhlat<\/a><\/p>\n<p><strong>Dramma per musica<\/strong><br \/>\n<strong> Bachin kantaatteja Saksin ruhtinashuoneelle<\/strong><\/p>\n<p>Sunhae Im, sopraano<br \/>\nBenno Schachtner, kontratenori<br \/>\nTopi Lehtipuu, tenori<br \/>\nArttu Kataja, basso<br \/>\nHelsingin Barokkiorkesteri<br \/>\njohtaa Ren\u00e9 Jacobs<\/p>\n<hr \/>\n<p>To 28.8. klo 22 Espoon tuomiokirkko, <a href=\"http:\/\/urkuyofestival.fi\/to-29-8-klo-21-espoon-tuomiokirkko-paatoskonsertti-nuit-dete\/\">Urkuy\u00f6 &amp; Aaria<\/a><\/p>\n<p><strong>H\u00e4ndel, Haydn<\/strong><\/p>\n<p>Kajsa Dahlb\u00e4ck, sopraano<br \/>\nTea Polso, urut<br \/>\nTapiolan kamarikuoro, kuoromestari Hannu Norjanen<br \/>\nHelsingin Barokkiorkesteri<br \/>\njohtaa Aapo H\u00e4kkinen, urut<\/p>\n<hr \/>\n<p>Su 21.9. klo 16 Musiikkitalo, Camerata-sali*<\/p>\n<p><strong>Bachin kilpailijat<\/strong><br \/>\n<strong> H\u00e4ndel, Telemann, Zarth<\/strong><\/p>\n<p>Jed Wentz, huilu<br \/>\nAapo H\u00e4kkinen, cembalo<\/p>\n<hr \/>\n<p>24.-29.9. <a href=\"http:\/\/www.musikfreunde.org\/\">Kulturstiftung Marienm\u00fcnster<\/a><\/p>\n<p><strong>Forum Abtei &#8211; Die junge Barock-Akademie<\/strong><\/p>\n<p>Aapo H\u00e4kkinen, Helsingin Barokkiorkesteri<\/p>\n<hr \/>\n<p>La 4.10. klo 18 Pyh\u00e4n Ristin kirkko, Rauma<br \/>\nSu 5.10. klo 16 Musiikkitalo, Camerata-sali*<\/p>\n<p><strong>Rariosa &amp; Curiosa<\/strong><br \/>\n<strong> Bach, Graupner, Scarlatti<\/strong><\/p>\n<p>Petri Tapio Mattson, viulu<br \/>\nIlpo Laspas, cembalo<\/p>\n<hr \/>\n<p>Ke 29.10. klo 20 Laeiszhalle, <a href=\"https:\/\/www.ndr.de\/orchester_chor\/das_alte_werk\/Rene-Jacobs-Helsinki-Baroque-Orchestra,helsinkibaroque101.html\">NDR Alte Werk<\/a>, Hampuri<br \/>\nPe 31.10. klo 20 Op\u00e9ra de Lausanne, <a href=\"http:\/\/www.opera-lausanne.ch\/en\/spectacles\/season-2014-15\/detail-spectacles\/rene-jacobs.html\">Bach Festival<\/a>, Lausanne<br \/>\nSu 2.11. klo 16 Musiikkitalo, Konserttisali*<br \/>\nKe 5.11. klo 20 <a href=\"http:\/\/www.diputacionalicante.es\/es\/AgendaCultural\/Paginas\/CONCIERTO-HELSINKI-BAROQUE-ORCHESTRA-(ADELANTO-PROGRAMACI%C3%93N-2014---2015).aspx\">ADDA<\/a>, Alicante<br \/>\nPe 7.11. klo 20:30 <a href=\"http:\/\/latlantidavic.cat\/programacio\/grans-concerts\/rene-jacobs-amb-la-helsinki-baroque-orchestra\/\">L&#8217;Atl\u00e0ntida<\/a>, Vic<\/p>\n<p><strong>Dramma per musica<\/strong><br \/>\n<strong> Bachin kantaatteja Saksin ruhtinashuoneelle<\/strong><\/p>\n<p>Sunhae Im, sopraano<br \/>\nBenno Schachtner, kontratenori<br \/>\nJulian Pr\u00e9gardien, tenori<br \/>\nArttu Kataja, basso<br \/>\nHelsingin Barokkiorkesteri<br \/>\njohtaa Ren\u00e9 Jacobs<\/p>\n<hr \/>\n<p>Su 9.11. klo 18 <a href=\"http:\/\/filharmonia.pl\/koncerty-i-bilety_en\/repertuar_en\/\">Varsova<\/a><br \/>\nMa 10.11. klo 18 <a href=\"http:\/\/www.poznanbaroque.com\/\">Poznan Baroque<\/a><\/p>\n<p><strong>Bach: Kaksoiskonsertot<\/strong><\/p>\n<p>Pierre Hanta\u00ef, cembalo<br \/>\nAapo H\u00e4kkinen, cembalo<br \/>\nHelsingin Barokkiorkesteri<\/p>\n<hr \/>\n<p>Su 23.11. klo 19 <a href=\"http:\/\/www.bachfestankara.org\/\">Bachfest Ankara<\/a><\/p>\n<p><strong>Musica Baltica &amp; Mediterranea<\/strong><\/p>\n<p>Kajsa Dahlb\u00e4ck, sopraano<br \/>\nHelsingin Barokkiorkesteri<br \/>\njohtaa Aapo H\u00e4kkinen<\/p>\n<hr \/>\n<p>Ke 3.12. klo 19 <a href=\"http:\/\/www.konserthuset.se\/Default.aspx?PageId=16&amp;Sida=Kalender&amp;ConcertId=67668&amp;Konsert=&amp;leftpanedate=2014-12-01\">Konserttitalo<\/a>, Tukholma<\/p>\n<p><strong>Bach: Jouluoratorio<\/strong><\/p>\n<p>Ingela Bohlin, sopraano<br \/>\nKristina Hammarstr\u00f6m, altto<br \/>\nThomas Volle, tenori<br \/>\nJakob H\u00f6gstr\u00f6m, basso<br \/>\nEric Ericson -kamarikuoro<br \/>\nHelsingin Barokkiorkesteri<br \/>\njohtaa Fredrik Malmberg<\/p>\n<hr \/>\n<p>Ti 9.12. klo 19 Mikaelinkirkko, Turku<br \/>\nPe 12.12. klo 19 H\u00e4meenlinnan kirkko<\/p>\n<p><strong>Bach: Jouluoratorio<\/strong><\/p>\n<p>Vox Cantorum -kamarikuoro<br \/>\nHelsingin Barokkiorkesteri<br \/>\njohtaa Heikki Sepp\u00e4nen<\/p>\n<hr \/>\n<p>To 18.12. klo 19 Pyh\u00e4n Ristin kirkko, Rauma<br \/>\nPe 19.12. klo 19 Vanha kirkko, Helsinki*<\/p>\n<p><strong>Italialainen joulu<\/strong><br \/>\n<strong> Corelli, Scarlatti, Vivaldi<\/strong><\/p>\n<p>Annami Hylkil\u00e4, sopraano<br \/>\nHelsingin Barokkiorkesteri<br \/>\njohtaa Dmitry Sinkovsky, viulu<\/p>\n<hr \/>\n<p>Ke 31.12.2014 klo 19 Musiikkitalo, Konserttisali<\/p>\n<p><strong>Exsultate, jubilate<\/strong><br \/>\n<strong> H\u00e4ndel, Mozart<\/strong><\/p>\n<p>Carolyn Sampson, sopraano<br \/>\nDmitry Sinkovsky, viulu<br \/>\nHelsingin Barokkiorkesteri<br \/>\njohtaa Aapo H\u00e4kkinen<\/p>\n<hr \/>\n","protected":false},"excerpt":{"rendered":"<p>Konsertit 2011 Ti 8.2. klo 19 Saksalainen kirkko, Helsinki Bach Erich H\u00f6barth, viulu Soiva Akatemia \u00a0Su 13.3. klo 20:30 Festival de M\u00fasica Antigua de Sevilla, Espanja Ma 14.3. klo 20 Festival Arte Sacro, Madrid, Espanja Musica Baltica Teppo Lampela, kontratenori johtaa Aapo H\u00e4kkinen Su 20.3. klo 15 Oulun tuomiokirkko Bach: cembalokonsertot Aapo H\u00e4kkinen, cembalo Oulun [&hellip;]<\/p>\n","protected":false},"author":6,"featured_media":0,"parent":0,"menu_order":5,"comment_status":"closed","ping_status":"closed","template":"","meta":{"_acf_changed":false,"footnotes":""},"class_list":["post-4367","page","type-page","status-publish","hentry"],"acf":[],"_links":{"self":[{"href":"https:\/\/www.hebo.fi\/fi\/wp-json\/wp\/v2\/pages\/4367","targetHints":{"allow":["GET"]}}],"collection":[{"href":"https:\/\/www.hebo.fi\/fi\/wp-json\/wp\/v2\/pages"}],"about":[{"href":"https:\/\/www.hebo.fi\/fi\/wp-json\/wp\/v2\/types\/page"}],"author":[{"embeddable":true,"href":"https:\/\/www.hebo.fi\/fi\/wp-json\/wp\/v2\/users\/6"}],"replies":[{"embeddable":true,"href":"https:\/\/www.hebo.fi\/fi\/wp-json\/wp\/v2\/comments?post=4367"}],"version-history":[{"count":26,"href":"https:\/\/www.hebo.fi\/fi\/wp-json\/wp\/v2\/pages\/4367\/revisions"}],"predecessor-version":[{"id":6158,"href":"https:\/\/www.hebo.fi\/fi\/wp-json\/wp\/v2\/pages\/4367\/revisions\/6158"}],"wp:attachment":[{"href":"https:\/\/www.hebo.fi\/fi\/wp-json\/wp\/v2\/media?parent=4367"}],"curies":[{"name":"wp","href":"https:\/\/api.w.org\/{rel}","templated":true}]}}